{"id":26611,"date":"2020-01-29T12:14:32","date_gmt":"2020-01-29T11:14:32","guid":{"rendered":"https:\/\/www.viva-riviera.com\/large-quiet-studio-with-balcony\/"},"modified":"2020-07-25T11:15:12","modified_gmt":"2020-07-25T09:15:12","slug":"large-quiet-studio-with-balcony","status":"publish","type":"page","link":"https:\/\/www.viva-riviera.com\/en\/large-quiet-studio-with-balcony\/","title":{"rendered":"Large quiet studio with balcony"},"content":{"rendered":"<figure><img decoding=\"async\" src=\"https:\/\/www.viva-riviera.com\/wp-content\/uploads\/2020\/01\/Chambre-580x387.jpg\" alt=\"location vacances Cannes\" \/><\/figure>\n<figure><img decoding=\"async\" src=\"https:\/\/www.viva-riviera.com\/wp-content\/uploads\/2020\/01\/Lit-580x387.jpg\" alt=\"location vacances Cannes\" \/><\/figure>\n<figure><img decoding=\"async\" src=\"https:\/\/www.viva-riviera.com\/wp-content\/uploads\/2020\/01\/Salon-I-580x387.jpg\" alt=\"location vacances Cannes\" \/><\/figure>\n<figure><img decoding=\"async\" src=\"https:\/\/www.viva-riviera.com\/wp-content\/uploads\/2020\/01\/Salon-580x387.jpg\" alt=\"location vacances Cannes\" \/><\/figure>\n<figure><img decoding=\"async\" src=\"https:\/\/www.viva-riviera.com\/wp-content\/uploads\/2020\/01\/Cuisine-580x387.jpg\" alt=\"location vacances Cannes\" \/><\/figure>\n<figure><img decoding=\"async\" src=\"https:\/\/www.viva-riviera.com\/wp-content\/uploads\/2020\/01\/Salle-de-bain-580x387.jpg\" alt=\"location vacances Cannes\" \/><\/figure>\n<figure><img decoding=\"async\" src=\"https:\/\/www.viva-riviera.com\/wp-content\/uploads\/2020\/01\/Toilettes-580x387.jpg\" alt=\"location vacances Cannes\" \/><\/figure>\n<figure><img decoding=\"async\" src=\"https:\/\/www.viva-riviera.com\/wp-content\/uploads\/2020\/01\/Balcon-580x387.jpg\" alt=\"Balcon\" \/><\/figure>\n<figure><img decoding=\"async\" src=\"https:\/\/www.viva-riviera.com\/wp-content\/uploads\/2020\/01\/Vue-580x387.jpg\" alt=\"location vacances Cannes\" \/><\/figure>\n<figure><img decoding=\"async\" src=\"https:\/\/www.viva-riviera.com\/wp-content\/uploads\/2020\/01\/Entr\u00e9e-580x387.jpg\" alt=\"location vacances Cannes\" \/><\/figure>\n<figure><img decoding=\"async\" src=\"https:\/\/www.viva-riviera.com\/wp-content\/uploads\/2020\/01\/Entr\u00e9e-ext\u00e9rieur-580x387.jpg\" alt=\"location vacances Cannes\" \/><\/figure>\n<p>\t\t\t\t\t\tPr\u00e9c\u00e9dent<br \/>\n\t\t\t\t\t\tSuivant<\/p>\n<h2>Large quiet studio with balcony<\/h2>\n<p><em>Reference &#8220;Beaus\u00e9jour&#8221;<\/em><\/p>\n<p>Do you like this place? <\/p>\n<p>Do you have a question?<\/p>\n<p>\t\t\t<a href=\"https:\/\/www.viva-riviera.com\/en\/contact\/\" target=\"_blank\" role=\"button\" rel=\"noopener noreferrer\"><br \/>\n\t\t\t\t\t\tContact us<br \/>\n\t\t\t\t\t<\/a><\/p>\n<h2>Large quiet studio with balcony<\/h2>\n<p><em>Reference &#8220;Beaus\u00e9jour&#8221;<\/em><\/p>\n<p>Do you like this place?<\/p>\n<p>\t\t\t<a href=\"https:\/\/www.viva-riviera.com\/en\/contact\/\" target=\"_blank\" role=\"button\" rel=\"noopener noreferrer\"><br \/>\n\t\t\t\t\t\tContact us<br \/>\n\t\t\t\t\t<\/a><\/p>\n<h3>\n\t\t\t\t\tUp to 2 people<br \/>\n\t\t\t\t<\/h3>\n<h3>\n\t\t\t\t\t1 double sofa bed<br \/>\n\t\t\t\t<\/h3>\n<h3>\n\t\t\t\t\t1st floor<br \/>\n\t\t\t\t<\/h3>\n<h3>\n\t\t\t\t\tElevator<br \/>\n\t\t\t\t<\/h3>\n<h3>\n\t\t\t\t\tup to 2 people<br \/>\n\t\t\t\t<\/h3>\n<h3>\n\t\t\t\t\t1st floor<br \/>\n\t\t\t\t<\/h3>\n<h3>\n\t\t\t\t\tElevator<br \/>\n\t\t\t\t<\/h3>\n<h3>\n\t\t\t\t\t1 double sofa bed<br \/>\n\t\t\t\t<\/h3>\n<h3>Description<\/h3>\n<p>This &nbsp; spacious and bright &nbsp; <strong>30-square-metre &nbsp;<\/strong>studio with a &nbsp; <strong>beautiful<\/strong> &nbsp; <strong>balcony<\/strong> &nbsp; can accommodate &nbsp; <strong>2 people<\/strong>thanks to a double sofa &nbsp; bed.&nbsp;It &nbsp; is located on the &nbsp; <strong>first floor<\/strong>of a secure residence in a quiet neighborhood with &nbsp; &nbsp; <strong>elevator.<\/strong> The accommodation is<strong>&nbsp; fully equipped,<\/strong>very close to<strong> Antibes street and the city centre.<\/strong>&nbsp;<\/p>\n<p>\t\t\t<iframe frameborder=\"0\" scrolling=\"no\" marginheight=\"0\" marginwidth=\"0\" src=\"https:\/\/maps.google.com\/maps?q=13%20rue%20Turckheim&amp;t=m&amp;z=14&amp;output=embed&amp;iwloc=near\" aria-label=\"13 rue Turckheim\"><\/iframe>\t\t<\/p>\n<h3>The equipment<\/h3>\n<p>The apartment has internet access, a television and air conditioning. <br \/>The main room is equipped with a sofa bed that can accommodate 2 people and has a large balcony perfect for breakfast in the sun!<br \/>In the kitchen you will find these facilities: <\/p>\n<ul>\n<li>crockery<\/li>\n<li>baking sheets<\/li>\n<li>fridge and freezer<\/li>\n<li>electric kettle<\/li>\n<li>coffee maker<\/li>\n<li>microwave oven<\/li>\n<li>oven<\/li>\n<li>toaster<\/li>\n<\/ul>\n<p>The bathroom is equipped with a <strong>bathtub <\/strong>and a<strong> washing machine.<\/strong> <\/p>\n<p>Towels, a hair dryer and hospitality products are available. <br \/>The service includes also the cleaning at the end of the stay.<\/p>\n<h3>The neighborhood<\/h3>\n<p>At the bottom of California and the <strong>Montfleury district,<\/strong> <strong>quiet<\/strong> and easily <strong>accessible<\/strong> on foot from the Palais and close to <strong>the Rue <a href=\"https:\/\/www.google.com\/maps\/place\/Rue+d'Antibes,+06400+Cannes\/@43.5524302,7.020961,17z\/data=!3m1!4b1!4m5!3m4!1s0x12ce8194079bc03d:0x644133ce48199d6d!8m2!3d43.5524302!4d7.0231497\">d&#8217;Antibes,<\/a>the Croisette<\/strong> and its large hotels. Ideal area to be <strong>quiet<\/strong> while staying close to the <strong>city centre.<\/strong> <\/p>\n<h3>Photos<\/h3>\n<style type=\"text\/css\">\n\t\t\t#gallery-2 {\n\t\t\t\tmargin: auto;\n\t\t\t}\n\t\t\t#gallery-2 .gallery-item {\n\t\t\t\tfloat: left;\n\t\t\t\tmargin-top: 10px;\n\t\t\t\ttext-align: center;\n\t\t\t\twidth: 33%;\n\t\t\t}\n\t\t\t#gallery-2 img {\n\t\t\t\tborder: 2px solid #cfcfcf;\n\t\t\t}\n\t\t\t#gallery-2 .gallery-caption {\n\t\t\t\tmargin-left: 0;\n\t\t\t}\n\t\t\t\/* see gallery_shortcode() in wp-includes\/media.php *\/\n\t\t<\/style>\n<dl class='gallery-item'>\n<dt class='gallery-icon landscape'>\n\t\t\t\t<a data-elementor-open-lightbox=\"yes\" data-elementor-lightbox-slideshow=\"306214af\" data-elementor-lightbox-title=\"Bedroom\" data-elementor-lightbox-description=\"location vacances Cannes\" href='https:\/\/www.viva-riviera.com\/wp-content\/uploads\/2020\/01\/Chambre-scaled.jpg'><img decoding=\"async\" width=\"580\" height=\"387\" src=\"https:\/\/www.viva-riviera.com\/wp-content\/uploads\/2020\/01\/Chambre-580x387.jpg\" alt=\"location vacances Cannes\" aria-describedby=\"gallery-2-26538\" \/><\/a>\n\t\t\t<\/dt>\n<dd class='wp-caption-text gallery-caption' id='gallery-2-26538'>\n\t\t\t\tChambre\n\t\t\t\t<\/dd>\n<\/dl>\n<dl class='gallery-item'>\n<dt class='gallery-icon landscape'>\n\t\t\t\t<a data-elementor-open-lightbox=\"yes\" data-elementor-lightbox-slideshow=\"306214af\" data-elementor-lightbox-title=\"Chambre I\" data-elementor-lightbox-description=\"location vacances Cannes\" href='https:\/\/www.viva-riviera.com\/wp-content\/uploads\/2020\/01\/Chambre-I-scaled.jpg'><img decoding=\"async\" width=\"580\" height=\"387\" src=\"https:\/\/www.viva-riviera.com\/wp-content\/uploads\/2020\/01\/Chambre-I-580x387.jpg\" alt=\"location vacances Cannes\" aria-describedby=\"gallery-2-26605\" \/><\/a>\n\t\t\t<\/dt>\n<dd class='wp-caption-text gallery-caption' id='gallery-2-26605'>\n\t\t\t\tChambre\n\t\t\t\t<\/dd>\n<\/dl>\n<dl class='gallery-item'>\n<dt class='gallery-icon landscape'>\n\t\t\t\t<a data-elementor-open-lightbox=\"yes\" data-elementor-lightbox-slideshow=\"306214af\" data-elementor-lightbox-title=\"Lit\" data-elementor-lightbox-description=\"location vacances Cannes\" href='https:\/\/www.viva-riviera.com\/wp-content\/uploads\/2020\/01\/Lit-scaled.jpg'><img decoding=\"async\" width=\"580\" height=\"387\" src=\"https:\/\/www.viva-riviera.com\/wp-content\/uploads\/2020\/01\/Lit-580x387.jpg\" alt=\"location vacances Cannes\" aria-describedby=\"gallery-2-26554\" \/><\/a>\n\t\t\t<\/dt>\n<dd class='wp-caption-text gallery-caption' id='gallery-2-26554'>\n\t\t\t\tLit\n\t\t\t\t<\/dd>\n<\/dl>\n<p><br style=\"clear: both\" \/><\/p>\n<dl class='gallery-item'>\n<dt class='gallery-icon landscape'>\n\t\t\t\t<a data-elementor-open-lightbox=\"yes\" data-elementor-lightbox-slideshow=\"306214af\" data-elementor-lightbox-title=\"Salon I\" data-elementor-lightbox-description=\"location vacances Cannes\" href='https:\/\/www.viva-riviera.com\/wp-content\/uploads\/2020\/01\/Salon-I-scaled.jpg'><img decoding=\"async\" width=\"580\" height=\"387\" src=\"https:\/\/www.viva-riviera.com\/wp-content\/uploads\/2020\/01\/Salon-I-580x387.jpg\" alt=\"location vacances Cannes\" aria-describedby=\"gallery-2-26562\" \/><\/a>\n\t\t\t<\/dt>\n<dd class='wp-caption-text gallery-caption' id='gallery-2-26562'>\n\t\t\t\tSalon\n\t\t\t\t<\/dd>\n<\/dl>\n<dl class='gallery-item'>\n<dt class='gallery-icon landscape'>\n\t\t\t\t<a data-elementor-open-lightbox=\"yes\" data-elementor-lightbox-slideshow=\"306214af\" data-elementor-lightbox-title=\"Salon\" data-elementor-lightbox-description=\"location vacances Cannes\" href='https:\/\/www.viva-riviera.com\/wp-content\/uploads\/2020\/01\/Salon-scaled.jpg'><img decoding=\"async\" width=\"580\" height=\"387\" src=\"https:\/\/www.viva-riviera.com\/wp-content\/uploads\/2020\/01\/Salon-580x387.jpg\" alt=\"location vacances Cannes\" aria-describedby=\"gallery-2-26566\" \/><\/a>\n\t\t\t<\/dt>\n<dd class='wp-caption-text gallery-caption' id='gallery-2-26566'>\n\t\t\t\tSalon\n\t\t\t\t<\/dd>\n<\/dl>\n<dl class='gallery-item'>\n<dt class='gallery-icon landscape'>\n\t\t\t\t<a data-elementor-open-lightbox=\"yes\" data-elementor-lightbox-slideshow=\"306214af\" data-elementor-lightbox-title=\"Cuisine\" data-elementor-lightbox-description=\"location vacances Cannes\" href='https:\/\/www.viva-riviera.com\/wp-content\/uploads\/2020\/01\/Cuisine-scaled.jpg'><img decoding=\"async\" width=\"580\" height=\"387\" src=\"https:\/\/www.viva-riviera.com\/wp-content\/uploads\/2020\/01\/Cuisine-580x387.jpg\" alt=\"location vacances Cannes\" aria-describedby=\"gallery-2-26542\" \/><\/a>\n\t\t\t<\/dt>\n<dd class='wp-caption-text gallery-caption' id='gallery-2-26542'>\n\t\t\t\tSalle \u00e0 manger\n\t\t\t\t<\/dd>\n<\/dl>\n<p><br style=\"clear: both\" \/><\/p>\n<dl class='gallery-item'>\n<dt class='gallery-icon landscape'>\n\t\t\t\t<a data-elementor-open-lightbox=\"yes\" data-elementor-lightbox-slideshow=\"306214af\" data-elementor-lightbox-title=\"Toilettes\" data-elementor-lightbox-description=\"location vacances Cannes\" href='https:\/\/www.viva-riviera.com\/wp-content\/uploads\/2020\/01\/Toilettes-scaled.jpg'><img decoding=\"async\" width=\"580\" height=\"387\" src=\"https:\/\/www.viva-riviera.com\/wp-content\/uploads\/2020\/01\/Toilettes-580x387.jpg\" alt=\"location vacances Cannes\" aria-describedby=\"gallery-2-26570\" \/><\/a>\n\t\t\t<\/dt>\n<dd class='wp-caption-text gallery-caption' id='gallery-2-26570'>\n\t\t\t\tToilettes et baignoire\n\t\t\t\t<\/dd>\n<\/dl>\n<dl class='gallery-item'>\n<dt class='gallery-icon portrait'>\n\t\t\t\t<a data-elementor-open-lightbox=\"yes\" data-elementor-lightbox-slideshow=\"306214af\" data-elementor-lightbox-title=\"Salle de bain\" data-elementor-lightbox-description=\"location vacances Cannes\" href='https:\/\/www.viva-riviera.com\/wp-content\/uploads\/2020\/01\/Salle-de-bain-scaled.jpg'><img decoding=\"async\" width=\"580\" height=\"387\" src=\"https:\/\/www.viva-riviera.com\/wp-content\/uploads\/2020\/01\/Salle-de-bain-580x387.jpg\" alt=\"location vacances Cannes\" aria-describedby=\"gallery-2-26558\" \/><\/a>\n\t\t\t<\/dt>\n<dd class='wp-caption-text gallery-caption' id='gallery-2-26558'>\n\t\t\t\tSalle de bain\n\t\t\t\t<\/dd>\n<\/dl>\n<dl class='gallery-item'>\n<dt class='gallery-icon landscape'>\n\t\t\t\t<a data-elementor-open-lightbox=\"yes\" data-elementor-lightbox-slideshow=\"306214af\" data-elementor-lightbox-title=\"Balcon\" data-elementor-lightbox-description=\"location vacances Cannes\" href='https:\/\/www.viva-riviera.com\/wp-content\/uploads\/2020\/01\/Balcon-1-scaled.jpg'><img decoding=\"async\" width=\"580\" height=\"387\" src=\"https:\/\/www.viva-riviera.com\/wp-content\/uploads\/2020\/01\/Balcon-1-580x387.jpg\" alt=\"location vacances Cannes\" aria-describedby=\"gallery-2-26601\" \/><\/a>\n\t\t\t<\/dt>\n<dd class='wp-caption-text gallery-caption' id='gallery-2-26601'>\n\t\t\t\tBalcon\n\t\t\t\t<\/dd>\n<\/dl>\n<p><br style=\"clear: both\" \/><\/p>\n<dl class='gallery-item'>\n<dt class='gallery-icon landscape'>\n\t\t\t\t<a data-elementor-open-lightbox=\"yes\" data-elementor-lightbox-slideshow=\"306214af\" data-elementor-lightbox-title=\"Vue\" data-elementor-lightbox-description=\"location vacances Cannes\" href='https:\/\/www.viva-riviera.com\/wp-content\/uploads\/2020\/01\/Vue-scaled.jpg'><img decoding=\"async\" width=\"580\" height=\"387\" src=\"https:\/\/www.viva-riviera.com\/wp-content\/uploads\/2020\/01\/Vue-580x387.jpg\" alt=\"location vacances Cannes\" aria-describedby=\"gallery-2-26574\" \/><\/a>\n\t\t\t<\/dt>\n<dd class='wp-caption-text gallery-caption' id='gallery-2-26574'>\n\t\t\t\tVue\n\t\t\t\t<\/dd>\n<\/dl>\n<dl class='gallery-item'>\n<dt class='gallery-icon landscape'>\n\t\t\t\t<a data-elementor-open-lightbox=\"yes\" data-elementor-lightbox-slideshow=\"306214af\" data-elementor-lightbox-title=\"Entr\u00e9e ext\u00e9rieur\" data-elementor-lightbox-description=\"location vacances Cannes\" href='https:\/\/www.viva-riviera.com\/wp-content\/uploads\/2020\/01\/Entr\u00e9e-ext\u00e9rieur-scaled.jpg'><img decoding=\"async\" width=\"580\" height=\"387\" src=\"https:\/\/www.viva-riviera.com\/wp-content\/uploads\/2020\/01\/Entr\u00e9e-ext\u00e9rieur-580x387.jpg\" alt=\"location vacances Cannes\" aria-describedby=\"gallery-2-26546\" \/><\/a>\n\t\t\t<\/dt>\n<dd class='wp-caption-text gallery-caption' id='gallery-2-26546'>\n\t\t\t\tImmeuble\n\t\t\t\t<\/dd>\n<\/dl>\n<dl class='gallery-item'>\n<dt class='gallery-icon landscape'>\n\t\t\t\t<a data-elementor-open-lightbox=\"yes\" data-elementor-lightbox-slideshow=\"306214af\" data-elementor-lightbox-title=\"Entr\u00e9e\" data-elementor-lightbox-description=\"location vacances Cannes\" href='https:\/\/www.viva-riviera.com\/wp-content\/uploads\/2020\/01\/Entr\u00e9e-scaled.jpg'><img decoding=\"async\" width=\"580\" height=\"387\" src=\"https:\/\/www.viva-riviera.com\/wp-content\/uploads\/2020\/01\/Entr\u00e9e-580x387.jpg\" alt=\"location vacances Cannes\" aria-describedby=\"gallery-2-26550\" \/><\/a>\n\t\t\t<\/dt>\n<dd class='wp-caption-text gallery-caption' id='gallery-2-26550'>\n\t\t\t\tEntr\u00e9e\n\t\t\t\t<\/dd>\n<\/dl>\n<p><br style=\"clear: both\" \/><\/p>\n","protected":false},"excerpt":{"rendered":"<p>Pr\u00e9c\u00e9dent Suivant Large quiet studio with balcony Reference &#8220;Beaus\u00e9jour&#8221; Do you like this place? Do you have a question? Contact us Large quiet studio with balcony Reference &#8220;Beaus\u00e9jour&#8221; Do you like this place? Contact us Up to 2 people 1 double sofa bed 1st floor&#8230;<\/p>\n","protected":false},"author":10,"featured_media":0,"parent":0,"menu_order":0,"comment_status":"closed","ping_status":"closed","template":"elementor_header_footer","meta":{"_exactmetrics_skip_tracking":false,"_exactmetrics_sitenote_active":false,"_exactmetrics_sitenote_note":"","_exactmetrics_sitenote_category":0},"yoast_head":"<!-- This site is optimized with the Yoast SEO plugin v21.8.1 - https:\/\/yoast.com\/wordpress\/plugins\/seo\/ -->\n<title>Large studio with balcony in Cannes (fully equipped) - Viva Riviera<\/title>\n<meta name=\"description\" content=\"Ideal for a holiday or convention rental in Cannes! Studio, bright with balcony. Located in a quiet area, 5 minutes from the rue d&#039;Antibes ;)\" \/>\n<meta name=\"robots\" content=\"index, follow, max-snippet:-1, max-image-preview:large, max-video-preview:-1\" \/>\n<link rel=\"canonical\" href=\"https:\/\/www.viva-riviera.com\/en\/large-quiet-studio-with-balcony\/\" \/>\n<meta property=\"og:locale\" content=\"en_US\" \/>\n<meta property=\"og:type\" content=\"article\" \/>\n<meta property=\"og:title\" content=\"Large studio with balcony in Cannes (fully equipped) - Viva Riviera\" \/>\n<meta property=\"og:description\" content=\"Ideal for a holiday or convention rental in Cannes! Studio, bright with balcony. Located in a quiet area, 5 minutes from the rue d&#039;Antibes ;)\" \/>\n<meta property=\"og:url\" content=\"https:\/\/www.viva-riviera.com\/en\/large-quiet-studio-with-balcony\/\" \/>\n<meta property=\"og:site_name\" content=\"Viva Riviera\" \/>\n<meta property=\"article:publisher\" content=\"https:\/\/www.facebook.com\/vivariviera\" \/>\n<meta property=\"article:modified_time\" content=\"2020-07-25T09:15:12+00:00\" \/>\n<meta property=\"og:image\" content=\"https:\/\/www.viva-riviera.com\/wp-content\/uploads\/2020\/01\/Chambre-580x387.jpg\" \/>\n<meta name=\"twitter:card\" content=\"summary_large_image\" \/>\n<meta name=\"twitter:site\" content=\"@Viva_Riviera\" \/>\n<meta name=\"twitter:label1\" content=\"Est. reading time\" \/>\n\t<meta name=\"twitter:data1\" content=\"1 minute\" \/>\n<script type=\"application\/ld+json\" class=\"yoast-schema-graph\">{\"@context\":\"https:\/\/schema.org\",\"@graph\":[{\"@type\":\"WebPage\",\"@id\":\"https:\/\/www.viva-riviera.com\/en\/large-quiet-studio-with-balcony\/\",\"url\":\"https:\/\/www.viva-riviera.com\/en\/large-quiet-studio-with-balcony\/\",\"name\":\"Large studio with balcony in Cannes (fully equipped) - Viva Riviera\",\"isPartOf\":{\"@id\":\"https:\/\/www.viva-riviera.com\/en\/#website\"},\"datePublished\":\"2020-01-29T11:14:32+00:00\",\"dateModified\":\"2020-07-25T09:15:12+00:00\",\"description\":\"Ideal for a holiday or convention rental in Cannes! Studio, bright with balcony. Located in a quiet area, 5 minutes from the rue d'Antibes ;)\",\"breadcrumb\":{\"@id\":\"https:\/\/www.viva-riviera.com\/en\/large-quiet-studio-with-balcony\/#breadcrumb\"},\"inLanguage\":\"en-US\",\"potentialAction\":[{\"@type\":\"ReadAction\",\"target\":[\"https:\/\/www.viva-riviera.com\/en\/large-quiet-studio-with-balcony\/\"]}]},{\"@type\":\"BreadcrumbList\",\"@id\":\"https:\/\/www.viva-riviera.com\/en\/large-quiet-studio-with-balcony\/#breadcrumb\",\"itemListElement\":[{\"@type\":\"ListItem\",\"position\":1,\"name\":\"Accueil\",\"item\":\"https:\/\/www.viva-riviera.com\/en\/welcome\/\"},{\"@type\":\"ListItem\",\"position\":2,\"name\":\"Large quiet studio with balcony\"}]},{\"@type\":\"WebSite\",\"@id\":\"https:\/\/www.viva-riviera.com\/en\/#website\",\"url\":\"https:\/\/www.viva-riviera.com\/en\/\",\"name\":\"Viva Riviera\",\"description\":\"Location saisonni\u00e8re \u00e0 Cannes\",\"potentialAction\":[{\"@type\":\"SearchAction\",\"target\":{\"@type\":\"EntryPoint\",\"urlTemplate\":\"https:\/\/www.viva-riviera.com\/en\/?s={search_term_string}\"},\"query-input\":\"required name=search_term_string\"}],\"inLanguage\":\"en-US\"}]}<\/script>\n<!-- \/ Yoast SEO plugin. -->","yoast_head_json":{"title":"Large studio with balcony in Cannes (fully equipped) - Viva Riviera","description":"Ideal for a holiday or convention rental in Cannes! Studio, bright with balcony. Located in a quiet area, 5 minutes from the rue d'Antibes ;)","robots":{"index":"index","follow":"follow","max-snippet":"max-snippet:-1","max-image-preview":"max-image-preview:large","max-video-preview":"max-video-preview:-1"},"canonical":"https:\/\/www.viva-riviera.com\/en\/large-quiet-studio-with-balcony\/","og_locale":"en_US","og_type":"article","og_title":"Large studio with balcony in Cannes (fully equipped) - Viva Riviera","og_description":"Ideal for a holiday or convention rental in Cannes! Studio, bright with balcony. Located in a quiet area, 5 minutes from the rue d'Antibes ;)","og_url":"https:\/\/www.viva-riviera.com\/en\/large-quiet-studio-with-balcony\/","og_site_name":"Viva Riviera","article_publisher":"https:\/\/www.facebook.com\/vivariviera","article_modified_time":"2020-07-25T09:15:12+00:00","og_image":[{"url":"https:\/\/www.viva-riviera.com\/wp-content\/uploads\/2020\/01\/Chambre-580x387.jpg"}],"twitter_card":"summary_large_image","twitter_site":"@Viva_Riviera","twitter_misc":{"Est. reading time":"1 minute"},"schema":{"@context":"https:\/\/schema.org","@graph":[{"@type":"WebPage","@id":"https:\/\/www.viva-riviera.com\/en\/large-quiet-studio-with-balcony\/","url":"https:\/\/www.viva-riviera.com\/en\/large-quiet-studio-with-balcony\/","name":"Large studio with balcony in Cannes (fully equipped) - Viva Riviera","isPartOf":{"@id":"https:\/\/www.viva-riviera.com\/en\/#website"},"datePublished":"2020-01-29T11:14:32+00:00","dateModified":"2020-07-25T09:15:12+00:00","description":"Ideal for a holiday or convention rental in Cannes! Studio, bright with balcony. Located in a quiet area, 5 minutes from the rue d'Antibes ;)","breadcrumb":{"@id":"https:\/\/www.viva-riviera.com\/en\/large-quiet-studio-with-balcony\/#breadcrumb"},"inLanguage":"en-US","potentialAction":[{"@type":"ReadAction","target":["https:\/\/www.viva-riviera.com\/en\/large-quiet-studio-with-balcony\/"]}]},{"@type":"BreadcrumbList","@id":"https:\/\/www.viva-riviera.com\/en\/large-quiet-studio-with-balcony\/#breadcrumb","itemListElement":[{"@type":"ListItem","position":1,"name":"Accueil","item":"https:\/\/www.viva-riviera.com\/en\/welcome\/"},{"@type":"ListItem","position":2,"name":"Large quiet studio with balcony"}]},{"@type":"WebSite","@id":"https:\/\/www.viva-riviera.com\/en\/#website","url":"https:\/\/www.viva-riviera.com\/en\/","name":"Viva Riviera","description":"Location saisonni\u00e8re \u00e0 Cannes","potentialAction":[{"@type":"SearchAction","target":{"@type":"EntryPoint","urlTemplate":"https:\/\/www.viva-riviera.com\/en\/?s={search_term_string}"},"query-input":"required name=search_term_string"}],"inLanguage":"en-US"}]}},"_links":{"self":[{"href":"https:\/\/www.viva-riviera.com\/en\/wp-json\/wp\/v2\/pages\/26611"}],"collection":[{"href":"https:\/\/www.viva-riviera.com\/en\/wp-json\/wp\/v2\/pages"}],"about":[{"href":"https:\/\/www.viva-riviera.com\/en\/wp-json\/wp\/v2\/types\/page"}],"author":[{"embeddable":true,"href":"https:\/\/www.viva-riviera.com\/en\/wp-json\/wp\/v2\/users\/10"}],"replies":[{"embeddable":true,"href":"https:\/\/www.viva-riviera.com\/en\/wp-json\/wp\/v2\/comments?post=26611"}],"version-history":[{"count":32,"href":"https:\/\/www.viva-riviera.com\/en\/wp-json\/wp\/v2\/pages\/26611\/revisions"}],"predecessor-version":[{"id":28297,"href":"https:\/\/www.viva-riviera.com\/en\/wp-json\/wp\/v2\/pages\/26611\/revisions\/28297"}],"wp:attachment":[{"href":"https:\/\/www.viva-riviera.com\/en\/wp-json\/wp\/v2\/media?parent=26611"}],"curies":[{"name":"wp","href":"https:\/\/api.w.org\/{rel}","templated":true}]}}